{"id":35,"date":"2023-09-19T21:01:40","date_gmt":"2023-09-19T19:01:40","guid":{"rendered":"https:\/\/manuleboulanger.fr\/?page_id=35"},"modified":"2025-08-19T17:56:30","modified_gmt":"2025-08-19T15:56:30","slug":"videos","status":"publish","type":"page","link":"https:\/\/lemael.fr\/index.php\/videos\/","title":{"rendered":"Vid\u00e9os"},"content":{"rendered":"\n<h2 class=\"wp-block-heading\">Je m&rsquo;en vais<\/h2>\n\n\n\n<h2 class=\"wp-block-heading\">Clip officiel<\/h2>\n\n\n\n<figure class=\"wp-block-embed is-type-video is-provider-youtube wp-block-embed-youtube wp-embed-aspect-16-9 wp-has-aspect-ratio\"><div class=\"wp-block-embed__wrapper\">\n<iframe loading=\"lazy\" title=\"L\u00e9mael (Manu LBLG) - Je m&#039;en vais - Clip officiel - R535FILM\" width=\"640\" height=\"360\" src=\"https:\/\/www.youtube.com\/embed\/5n0BdOu1EYA?feature=oembed\" frameborder=\"0\" allow=\"accelerometer; autoplay; clipboard-write; encrypted-media; gyroscope; picture-in-picture; web-share\" referrerpolicy=\"strict-origin-when-cross-origin\" allowfullscreen><\/iframe>\n<\/div><\/figure>\n\n\n\n<h2 class=\"wp-block-heading\">Trois points de suspension&#8230; (en duo avec Barrueco)<\/h2>\n\n\n\n<h2 class=\"wp-block-heading\">Clip officiel<\/h2>\n\n\n\n<figure class=\"wp-block-embed is-type-video is-provider-youtube wp-block-embed-youtube wp-embed-aspect-16-9 wp-has-aspect-ratio\"><div class=\"wp-block-embed__wrapper\">\n<iframe loading=\"lazy\" title=\"L\u00e9mael (Manu LBLG) - Trois points de suspension... en duo avec Barrueco - Clip officiel\" width=\"640\" height=\"360\" src=\"https:\/\/www.youtube.com\/embed\/rBZeVOds7jc?feature=oembed\" frameborder=\"0\" allow=\"accelerometer; autoplay; clipboard-write; encrypted-media; gyroscope; picture-in-picture; web-share\" referrerpolicy=\"strict-origin-when-cross-origin\" allowfullscreen><\/iframe>\n<\/div><\/figure>\n\n\n\n<p><\/p>\n\n\n\n<h2 class=\"wp-block-heading\">Les talons de maman<\/h2>\n\n\n\n<h2 class=\"wp-block-heading\">Live aux Concerts \u00e0 La Grange<\/h2>\n\n\n\n<figure class=\"wp-block-embed is-type-video is-provider-youtube wp-block-embed-youtube wp-embed-aspect-16-9 wp-has-aspect-ratio\"><div class=\"wp-block-embed__wrapper\">\n<iframe loading=\"lazy\" title=\"L\u00e9mael - Les talons de maman - Live aux concerts \u00e0 la grange - 26 avril 2025\" width=\"640\" height=\"360\" src=\"https:\/\/www.youtube.com\/embed\/GeeKlDx3mVU?feature=oembed\" frameborder=\"0\" allow=\"accelerometer; autoplay; clipboard-write; encrypted-media; gyroscope; picture-in-picture; web-share\" referrerpolicy=\"strict-origin-when-cross-origin\" allowfullscreen><\/iframe>\n<\/div><\/figure>\n\n\n\n<h2 class=\"wp-block-heading\">Dessine-moi<\/h2>\n\n\n\n<h2 class=\"wp-block-heading\">Live aux Concerts \u00e0 la Grange<\/h2>\n\n\n\n<figure class=\"wp-block-embed is-type-video is-provider-youtube wp-block-embed-youtube wp-embed-aspect-16-9 wp-has-aspect-ratio\"><div class=\"wp-block-embed__wrapper\">\n<iframe loading=\"lazy\" title=\"L\u00e9mael - Dessine-moi - Live aux concerts \u00e0 la grange - 26 avril 2025\" width=\"640\" height=\"360\" src=\"https:\/\/www.youtube.com\/embed\/TT7LkgOGpI8?feature=oembed\" frameborder=\"0\" allow=\"accelerometer; autoplay; clipboard-write; encrypted-media; gyroscope; picture-in-picture; web-share\" referrerpolicy=\"strict-origin-when-cross-origin\" allowfullscreen><\/iframe>\n<\/div><\/figure>\n\n\n\n<h2 class=\"wp-block-heading\">Merci monsieur le pr\u00e9sident<\/h2>\n\n\n\n<h2 class=\"wp-block-heading\">Live aux Concerts \u00e0 La Grange<\/h2>\n\n\n\n<figure class=\"wp-block-embed is-type-video is-provider-youtube wp-block-embed-youtube wp-embed-aspect-16-9 wp-has-aspect-ratio\"><div class=\"wp-block-embed__wrapper\">\n<iframe loading=\"lazy\" title=\"L\u00e9mael - Merci monsieur le pr\u00e9sident - Live aux concerts \u00e0 la grange - 26 avril 2025\" width=\"640\" height=\"360\" src=\"https:\/\/www.youtube.com\/embed\/EI912aHWiDg?feature=oembed\" frameborder=\"0\" allow=\"accelerometer; autoplay; clipboard-write; encrypted-media; gyroscope; picture-in-picture; web-share\" referrerpolicy=\"strict-origin-when-cross-origin\" allowfullscreen><\/iframe>\n<\/div><\/figure>\n\n\n\n<h2 class=\"wp-block-heading\">Etincelle<\/h2>\n\n\n\n<h2 class=\"wp-block-heading\">Live aux Concerts \u00e0 La Grange<\/h2>\n\n\n\n<figure class=\"wp-block-embed is-type-video is-provider-youtube wp-block-embed-youtube wp-embed-aspect-16-9 wp-has-aspect-ratio\"><div class=\"wp-block-embed__wrapper\">\n<iframe loading=\"lazy\" title=\"L\u00e9mael - \u00c9tincelle - Live aux concerts \u00e0 la grange - 26 avril 2025\" width=\"640\" height=\"360\" src=\"https:\/\/www.youtube.com\/embed\/rDSW3ohz5Cc?feature=oembed\" frameborder=\"0\" allow=\"accelerometer; autoplay; clipboard-write; encrypted-media; gyroscope; picture-in-picture; web-share\" referrerpolicy=\"strict-origin-when-cross-origin\" allowfullscreen><\/iframe>\n<\/div><\/figure>\n\n\n\n<h2 class=\"wp-block-heading\">Le large<\/h2>\n\n\n\n<h2 class=\"wp-block-heading\">Live \u00e0 la Belbancale<\/h2>\n\n\n\n<figure class=\"wp-block-embed is-type-video is-provider-youtube wp-block-embed-youtube wp-embed-aspect-16-9 wp-has-aspect-ratio\"><div class=\"wp-block-embed__wrapper\">\n<iframe loading=\"lazy\" title=\"Le large - L\u00e9mael - Live \u00e0 La Belbancale - 8 d\u00e9cembre 2024\" width=\"640\" height=\"360\" src=\"https:\/\/www.youtube.com\/embed\/_XrJTMAb7f0?feature=oembed\" frameborder=\"0\" allow=\"accelerometer; autoplay; clipboard-write; encrypted-media; gyroscope; picture-in-picture; web-share\" referrerpolicy=\"strict-origin-when-cross-origin\" allowfullscreen><\/iframe>\n<\/div><\/figure>\n\n\n\n<p><\/p>\n\n\n\n<h2 class=\"wp-block-heading\">L\u00e9mael prend le large<\/h2>\n\n\n\n<h2 class=\"wp-block-heading\">Pr\u00e9sentation<\/h2>\n\n\n\n<figure class=\"wp-block-embed is-type-video is-provider-youtube wp-block-embed-youtube wp-embed-aspect-16-9 wp-has-aspect-ratio\"><div class=\"wp-block-embed__wrapper\">\n<iframe loading=\"lazy\" title=\"L\u00e9mael prend le large\" width=\"640\" height=\"360\" src=\"https:\/\/www.youtube.com\/embed\/ba6yhAnKtGU?feature=oembed\" frameborder=\"0\" allow=\"accelerometer; autoplay; clipboard-write; encrypted-media; gyroscope; picture-in-picture; web-share\" referrerpolicy=\"strict-origin-when-cross-origin\" allowfullscreen><\/iframe>\n<\/div><\/figure>\n\n\n\n<p><\/p>\n\n\n\n<p><\/p>\n\n\n\n<h2 class=\"wp-block-heading\">Quelques notes (il a suffi d&rsquo;un cygne)<\/h2>\n\n\n\n<h2 class=\"wp-block-heading\">Maquette film\u00e9e au jardin<\/h2>\n\n\n\n<figure class=\"wp-block-embed is-type-video is-provider-youtube wp-block-embed-youtube wp-embed-aspect-16-9 wp-has-aspect-ratio\"><div class=\"wp-block-embed__wrapper\">\n<iframe loading=\"lazy\" title=\"Quelques notes (il a suffi d&#039;un cygne) au jardin  - L\u00e9mael\" width=\"640\" height=\"360\" src=\"https:\/\/www.youtube.com\/embed\/WAQ7_ujY7G4?feature=oembed\" frameborder=\"0\" allow=\"accelerometer; autoplay; clipboard-write; encrypted-media; gyroscope; picture-in-picture; web-share\" referrerpolicy=\"strict-origin-when-cross-origin\" allowfullscreen><\/iframe>\n<\/div><\/figure>\n\n\n\n<p><\/p>\n","protected":false},"excerpt":{"rendered":"<p>Je m&rsquo;en vais Clip officiel Trois points de suspension&#8230; (en duo avec Barrueco) Clip officiel Les talons de maman Live [&hellip;]<\/p>\n","protected":false},"author":2,"featured_media":0,"parent":0,"menu_order":3,"comment_status":"closed","ping_status":"closed","template":"","meta":{"footnotes":""},"class_list":["post-35","page","type-page","status-publish","hentry"],"_links":{"self":[{"href":"https:\/\/lemael.fr\/index.php\/wp-json\/wp\/v2\/pages\/35","targetHints":{"allow":["GET"]}}],"collection":[{"href":"https:\/\/lemael.fr\/index.php\/wp-json\/wp\/v2\/pages"}],"about":[{"href":"https:\/\/lemael.fr\/index.php\/wp-json\/wp\/v2\/types\/page"}],"author":[{"embeddable":true,"href":"https:\/\/lemael.fr\/index.php\/wp-json\/wp\/v2\/users\/2"}],"replies":[{"embeddable":true,"href":"https:\/\/lemael.fr\/index.php\/wp-json\/wp\/v2\/comments?post=35"}],"version-history":[{"count":10,"href":"https:\/\/lemael.fr\/index.php\/wp-json\/wp\/v2\/pages\/35\/revisions"}],"predecessor-version":[{"id":571,"href":"https:\/\/lemael.fr\/index.php\/wp-json\/wp\/v2\/pages\/35\/revisions\/571"}],"wp:attachment":[{"href":"https:\/\/lemael.fr\/index.php\/wp-json\/wp\/v2\/media?parent=35"}],"curies":[{"name":"wp","href":"https:\/\/api.w.org\/{rel}","templated":true}]}}